{"id":917,"date":"2023-03-19T17:14:22","date_gmt":"2023-03-19T16:14:22","guid":{"rendered":"http:\/\/dk-st-josef.de\/?page_id=917"},"modified":"2023-03-20T09:50:13","modified_gmt":"2023-03-20T08:50:13","slug":"2011-2","status":"publish","type":"page","link":"http:\/\/dk-st-josef.de\/?page_id=917","title":{"rendered":"2011"},"content":{"rendered":"\n<p> <strong><span class=\"has-inline-color has-vivid-red-color\">Unser Artikel im Sessionsheft der W\u00e4scherprinzessin<\/span><\/strong><\/p>\n\n\n\n<p>Unsere gigantische Session 2009\/2010 liegt nun schon lange zur\u00fcck und trotzdem schwelgen wir noch in sch\u00f6nen Erinnerun\u00adgen. Die gemeinsame Zeit mit Lara I., Lina, Jenny und dem janze Jeschm\u00f6lzje hat Jung und Alt zusammen wachsen lassen. Dies zeigte sich auch bei unserem Ausflug Anfang Oktober. Pro\u00adgrammm\u00e4\u00dfig war von allem was dabei: <\/p>\n\n\n\n<div class=\"wp-block-image\"><figure class=\"aligncenter size-large\"><img loading=\"lazy\" decoding=\"async\" width=\"165\" height=\"231\" src=\"http:\/\/dk-st-josef.de\/wp-content\/uploads\/2021\/02\/image-2.png\" alt=\"\" class=\"wp-image-716\" srcset=\"http:\/\/dk-st-josef.de\/wp-content\/uploads\/2021\/02\/image-2.png 165w, http:\/\/dk-st-josef.de\/wp-content\/uploads\/2021\/02\/image-2-43x60.png 43w\" sizes=\"auto, (max-width: 165px) 100vw, 165px\" \/><\/figure><\/div>\n\n\n\n<p>das Burgfr\u00e4ulein Waltraudis f\u00fchrte uns \u00fcber die Burg der Stadt Blankenberg und wunderte sich, warum wir genau so h\u00fcbsche H\u00e4ub\u00adchen auf dem Kopf trugen wie sie als Frau des fr\u00fchen Mittelalters. <\/p>\n\n\n\n<div class=\"wp-block-image\"><figure class=\"aligncenter size-large\"><img loading=\"lazy\" decoding=\"async\" width=\"166\" height=\"260\" src=\"http:\/\/dk-st-josef.de\/wp-content\/uploads\/2021\/02\/image-1.png\" alt=\"\" class=\"wp-image-715\" srcset=\"http:\/\/dk-st-josef.de\/wp-content\/uploads\/2021\/02\/image-1.png 166w, http:\/\/dk-st-josef.de\/wp-content\/uploads\/2021\/02\/image-1-38x60.png 38w\" sizes=\"auto, (max-width: 166px) 100vw, 166px\" \/><\/figure><\/div>\n\n\n\n<p>Im Karnevalsmuseum in K\u00f6ln hatten wir eine tolle F\u00fchrung, die viel von der Geschichte des Karnevals in K\u00f6ln deutlich machte. Wir mussten auch nur einmal protestieren, weil Beuel auf der \u00dcbersichtskarte fehlte, auf der fr\u00fche Gr\u00fcndungsdaten des organisierten Karnevals im Rhein\u00adland vermerkt sind. Der H\u00f6hepunkt war aber die Aktion auf der Hohenzollernbr\u00fccke in K\u00f6ln. In Laras Lieblingslied: ,,Schenk mir heut Nacht dein ganzes Herz&#8220; &#8211; bei dem wir in der Session die 3. und 4. Zeile immer m\u00fchevoll umgetextet haben: ,, &#8230;. was mir gef\u00e4llt, Lara, Lara, Lara, La, die ganze Welt Lara, Lara Lara, La &#8230; :: wird ja der neue Brauch beschrieben, sich auf der Hohenzollernbr\u00fccke symbolisch mit einem Schloss anzuketten.&nbsp;<\/p>\n\n\n\n<div class=\"wp-block-image\"><figure class=\"aligncenter size-large is-resized\"><img loading=\"lazy\" decoding=\"async\" src=\"http:\/\/dk-st-josef.de\/wp-content\/uploads\/2021\/02\/image-edited.png\" alt=\"\" class=\"wp-image-714\" width=\"362\" height=\"204\" srcset=\"http:\/\/dk-st-josef.de\/wp-content\/uploads\/2021\/02\/image-edited.png 259w, http:\/\/dk-st-josef.de\/wp-content\/uploads\/2021\/02\/image-edited-106x60.png 106w\" sizes=\"auto, (max-width: 362px) 100vw, 362px\" \/><\/figure><\/div>\n\n\n\n<p>Vor allem Liebespaare tun dies, um diesen Moment zu verewigen, um etwas festzuhalten, von dem man nicht m\u00f6chte, dass es vorbei ist. Genau dies haben wir auch versucht. Lara musste sich am Gel\u00e4nder mit einem gravierten Schloss einh\u00e4ngen, das Damenko\u00admitee klinkte sich mit einem eige\u00adnen Schloss in Laras Schloss ein. Die vielen Touristen schauten ein bisschen am\u00fcsiert, als wir dann alle singend auf der Br\u00fccke standen, aber sch\u00f6n war&#8217;s. Nat\u00fcrlich geh\u00f6rt in K\u00f6ln der Aus\u00adklang des Tages im Brauhaus dazu und dass wir anschlie\u00dfend noch fast zwei Stunden mit dem Bus auf der gesperrten Autobahn im Stau standen, tat der guten Stimmung keinen Abbruch.&nbsp;<\/p>\n","protected":false},"excerpt":{"rendered":"<p>Unser Artikel im Sessionsheft der W\u00e4scherprinzessin Unsere gigantische Session 2009\/2010 liegt nun schon lange zur\u00fcck und trotzdem schwelgen wir noch in sch\u00f6nen Erinnerun\u00adgen. Die gemeinsame &hellip; <\/p>\n","protected":false},"author":1,"featured_media":0,"parent":645,"menu_order":13,"comment_status":"closed","ping_status":"closed","template":"","meta":{"footnotes":""},"class_list":["post-917","page","type-page","status-publish","hentry","latest_post"],"_links":{"self":[{"href":"http:\/\/dk-st-josef.de\/index.php?rest_route=\/wp\/v2\/pages\/917","targetHints":{"allow":["GET"]}}],"collection":[{"href":"http:\/\/dk-st-josef.de\/index.php?rest_route=\/wp\/v2\/pages"}],"about":[{"href":"http:\/\/dk-st-josef.de\/index.php?rest_route=\/wp\/v2\/types\/page"}],"author":[{"embeddable":true,"href":"http:\/\/dk-st-josef.de\/index.php?rest_route=\/wp\/v2\/users\/1"}],"replies":[{"embeddable":true,"href":"http:\/\/dk-st-josef.de\/index.php?rest_route=%2Fwp%2Fv2%2Fcomments&post=917"}],"version-history":[{"count":6,"href":"http:\/\/dk-st-josef.de\/index.php?rest_route=\/wp\/v2\/pages\/917\/revisions"}],"predecessor-version":[{"id":976,"href":"http:\/\/dk-st-josef.de\/index.php?rest_route=\/wp\/v2\/pages\/917\/revisions\/976"}],"up":[{"embeddable":true,"href":"http:\/\/dk-st-josef.de\/index.php?rest_route=\/wp\/v2\/pages\/645"}],"wp:attachment":[{"href":"http:\/\/dk-st-josef.de\/index.php?rest_route=%2Fwp%2Fv2%2Fmedia&parent=917"}],"curies":[{"name":"wp","href":"https:\/\/api.w.org\/{rel}","templated":true}]}}