{"id":909,"date":"2023-03-19T17:11:19","date_gmt":"2023-03-19T16:11:19","guid":{"rendered":"http:\/\/dk-st-josef.de\/?page_id=909"},"modified":"2023-03-20T11:22:08","modified_gmt":"2023-03-20T10:22:08","slug":"2015-2","status":"publish","type":"page","link":"http:\/\/dk-st-josef.de\/?page_id=909","title":{"rendered":"2015"},"content":{"rendered":"\n<p><span class=\"has-inline-color has-vivid-red-color\"><strong><span class=\"has-inline-color has-vivid-red-color\">Unser Artikel im Sessionsheft der W\u00e4scherprinzessin<\/span><\/strong><\/span><\/p>\n\n\n\n<h3 class=\"wp-block-heading\">Besuch bei K\u00f6nigs!<\/h3>\n\n\n\n<div class=\"wp-block-image\"><figure class=\"aligncenter size-large is-resized\"><img loading=\"lazy\" decoding=\"async\" src=\"http:\/\/dk-st-josef.de\/wp-content\/uploads\/2021\/02\/image-4-edited.png\" alt=\"\" class=\"wp-image-737\" width=\"673\" height=\"378\" srcset=\"http:\/\/dk-st-josef.de\/wp-content\/uploads\/2021\/02\/image-4-edited.png 370w, http:\/\/dk-st-josef.de\/wp-content\/uploads\/2021\/02\/image-4-edited-300x169.png 300w, http:\/\/dk-st-josef.de\/wp-content\/uploads\/2021\/02\/image-4-edited-107x60.png 107w\" sizes=\"auto, (max-width: 673px) 100vw, 673px\" \/><\/figure><\/div>\n\n\n\n<p>\u201eMer han en W\u00e4scherprinzessin\u201c- das war der Jubelruf, als unsere Susanne Eyhoff im Fr\u00fchsommer die Zusage bekam, dass die Session 2014\/2015 \u201eIHRE\u201c Session werden w\u00fcrde. Schnell wurden Erinnerungen an die Session mit Lara I. (2009\/2010) aufgefrischt. Die Vorfreude stieg, denn alle Frauen haben sich durch die Aufgaben als W\u00e4scherprinzessinnen-Komittee noch besser kennen und sch\u00e4tzen gelernt. Quer durch die Generationen greifen die Frauen heute noch immer wieder witzige Begebenheiten auf, erz\u00e4hlen, lachen \u2013 zehren sozusagen heute noch davon. So wurde der diesj\u00e4hrige  Komiteeausflug, wie immer mit \u201eH\u00e4ubchen reisen\u201c,<\/p>\n\n\n\n<div class=\"wp-block-image\"><figure class=\"aligncenter size-large\"><img loading=\"lazy\" decoding=\"async\" width=\"240\" height=\"273\" src=\"http:\/\/dk-st-josef.de\/wp-content\/uploads\/2021\/02\/image-5.png\" alt=\"\" class=\"wp-image-738\" srcset=\"http:\/\/dk-st-josef.de\/wp-content\/uploads\/2021\/02\/image-5.png 240w, http:\/\/dk-st-josef.de\/wp-content\/uploads\/2021\/02\/image-5-53x60.png 53w\" sizes=\"auto, (max-width: 240px) 100vw, 240px\" \/><\/figure><\/div>\n\n\n\n<p> verlegt in die Session,  also auf den 3. Advent und umfunktioniert zur \u201em\u00e4rchenhaften Fahrt ins Ungewisse f\u00fcr eine Prinzessin und ihr Damenkomitee\u201c. Am Zielort Bocholt ging es zun\u00e4chst ins Textilmuseum, in dem uns eine sehr engagierte  F\u00fchrerin in die historischen Techniken und Probleme der Stoffweberei einf\u00fchrte und auch moderne, industrielle Maschinen vorf\u00fchrte. <\/p>\n\n\n\n<p>Vor dem Museum wurden wir von einem K\u00f6nigspaar herzlich empfangen, welches wir abends im Stadttheater als Aschenputtel und ihr K\u00f6nig in einer Kom\u00f6die auf der B\u00fchne wieder trafen. Von den professionellen  Darbietungen dieser Laienspieltruppe konnten wir f\u00fcr unsere  karnevalistischen Auftritte noch viel lernen. Bocholt kennt nun auch die Beueler W\u00e4scherprinzessinen- Tradition, da unser Damenkomitee mit der designierten W\u00e4scherprinzessin Susanne II. als besondere G\u00e4ste im Dankesreigen nach Ende der witzigen und engagierten Auff\u00fchrung besonders erw\u00e4hnt wurden. Nun scharren wir ungeduldig mit den Hufen, m\u00f6chten, dass es endlich richtig los geht und arbeiten, neben der Unterst\u00fctzung f\u00fcr Susanne, an unserem j\u00e4hrlichen Highlight, unserer Frauensitzung an Karnevalssamstag, auf der wir den Saal zum Kochen bringen werden, wenn unsere Susanne II. ins Pfarrheim einzieht.<\/p>\n","protected":false},"excerpt":{"rendered":"<p>Unser Artikel im Sessionsheft der W\u00e4scherprinzessin Besuch bei K\u00f6nigs! \u201eMer han en W\u00e4scherprinzessin\u201c- das war der Jubelruf, als unsere Susanne Eyhoff im Fr\u00fchsommer die Zusage &hellip; <\/p>\n","protected":false},"author":1,"featured_media":0,"parent":645,"menu_order":9,"comment_status":"closed","ping_status":"closed","template":"","meta":{"footnotes":""},"class_list":["post-909","page","type-page","status-publish","hentry","latest_post"],"_links":{"self":[{"href":"http:\/\/dk-st-josef.de\/index.php?rest_route=\/wp\/v2\/pages\/909","targetHints":{"allow":["GET"]}}],"collection":[{"href":"http:\/\/dk-st-josef.de\/index.php?rest_route=\/wp\/v2\/pages"}],"about":[{"href":"http:\/\/dk-st-josef.de\/index.php?rest_route=\/wp\/v2\/types\/page"}],"author":[{"embeddable":true,"href":"http:\/\/dk-st-josef.de\/index.php?rest_route=\/wp\/v2\/users\/1"}],"replies":[{"embeddable":true,"href":"http:\/\/dk-st-josef.de\/index.php?rest_route=%2Fwp%2Fv2%2Fcomments&post=909"}],"version-history":[{"count":6,"href":"http:\/\/dk-st-josef.de\/index.php?rest_route=\/wp\/v2\/pages\/909\/revisions"}],"predecessor-version":[{"id":1016,"href":"http:\/\/dk-st-josef.de\/index.php?rest_route=\/wp\/v2\/pages\/909\/revisions\/1016"}],"up":[{"embeddable":true,"href":"http:\/\/dk-st-josef.de\/index.php?rest_route=\/wp\/v2\/pages\/645"}],"wp:attachment":[{"href":"http:\/\/dk-st-josef.de\/index.php?rest_route=%2Fwp%2Fv2%2Fmedia&parent=909"}],"curies":[{"name":"wp","href":"https:\/\/api.w.org\/{rel}","templated":true}]}}