{"id":140,"date":"2020-02-19T10:32:45","date_gmt":"2020-02-19T09:32:45","guid":{"rendered":"http:\/\/dk-st-josef.de\/?page_id=140"},"modified":"2026-01-07T10:09:43","modified_gmt":"2026-01-07T09:09:43","slug":"impressum-datenschutz","status":"publish","type":"page","link":"http:\/\/dk-st-josef.de\/?page_id=140","title":{"rendered":"Impressum \/ Datenschutz"},"content":{"rendered":"\n<p>Website des <\/p>\n\n\n\n<p>Damenkomitees der kath. Frauengemeinschaft St. Josef, Beuel<\/p>\n\n\n\n<p>V.i.S.d.P:<\/p>\n\n\n\n<p>Brigitte Mohn, Pr\u00e4sidentin <\/p>\n\n\n\n<p>An St. Josef 8<\/p>\n\n\n\n<p>53225 Bonn<\/p>\n\n\n\n<p>info@dk-st-josef.de<\/p>\n\n\n\n<h3 class=\"wp-block-heading\" id=\"datenschutzerklrung\">Datenschutzerkl\u00e4rung<\/h3>\n\n\n\n<p>Wir freuen uns \u00fcber Ihren Besuch auf unserer Internetseite&nbsp;www.dk-st-josef.de und Ihr Interesse an unserem Verein.<\/p>\n\n\n\n<p>Der Schutz Ihrer personenbezogenen Daten, wie z.B. Geburtsdatum, Name, Telefonnummer, Anschrift etc., ist uns ein wichtiges Anliegen.<\/p>\n\n\n\n<p>Der Zweck dieser Datenschutzerkl\u00e4rung besteht darin, Sie \u00fcber die Verarbeitung Ihrer personenbezogenen Daten zu informieren, die wir bei einem Seitenbesuch von Ihnen sammeln. Unsere Datenschutzpraxis steht im Einklang mit den gesetzlichen Regelungen der Datenschutzgrundverordnung der EU (DSGVO) und dem Bundesdatenschutzgesetz (BDSG). Die nachfolgende Datenschutzerkl\u00e4rung dient der Erf\u00fcllung der sich aus der DSGVO ergebenden Informationspflichten. Diese finden sich z.B. in Art. 13 und Art. 14 ff. DSGVO.<\/p>\n\n\n\n<h4 class=\"wp-block-heading\" id=\"1verantwortlicherisdart4nr7dsgvo\">Verantwortlicher<\/h4>\n\n\n\n<p>Verantwortlicher im Sinne des Art. 4 Nr. 7 DSGVO ist derjenige, der allein oder gemeinsam mit anderen \u00fcber die Zwecke und Mittel der Verarbeitung von personenbezogenen Daten entscheidet.<\/p>\n\n\n\n<p>Im Hinblick auf unsere Internetseite ist der Verantwortliche:<\/p>\n\n\n\n<p>Brigitte Mohn, An St. Josef 8, 53225 Bonn<\/p>\n\n\n\n<p>Email:\u00a0<a>info@dk-st-josef.de<\/a><br>Tel.: +49 (0) 162\/2009 483<\/p>\n\n\n\n<h4 class=\"wp-block-heading\" id=\"3bereitstellungderwebsiteunderstellungvonlogfiles\">Bereitstellung der Website und Erstellung von Logfiles<\/h4>\n\n\n\n<p>Bei jedem Aufruf unserer Internetseite erfasst unser System automatisiert Daten und Informationen des jeweils abrufenden Ger\u00e4tes (z.B. Computer, Mobiltelefon, Tablet, etc.).<\/p>\n\n\n\n<p><strong>Welche personenbezogenen Daten werden erhoben und in welchem Umfang werden diese verarbeitet?<\/strong><\/p>\n\n\n\n<p>(1) Informationen \u00fcber den Browsertyp und die verwendete Version;<br>(2) Das Betriebssystem des Abrufger\u00e4tes;<br>(3) Hostname des zugreifenden Rechners;<br>(4) Die IP-Adresse des Abrufger\u00e4tes;<br>(5) Datum und Uhrzeit des Zugriffs;<br>(6) Websites und Ressourcen (Bilder, Dateien, weitere Seiteninhalte), die auf unserer Internetseite aufgerufen wurden;<br>(7)&nbsp;Websites, von denen das System des Nutzers auf unsere Internetseite gelangte (Referrer-Tracking);<br>(8) Meldung, ob der Abruf erfolgreich war;<br>(9) \u00dcbertragene Datenmenge<\/p>\n\n\n\n<p>Diese Daten werden in den Logfiles unseres Systems gespeichert. Eine Speicherung dieser Daten zusammen mit personenbezogenen Daten eines konkreten Nutzers findet nicht statt, so dass eine Identifizierung einzelner Seitenbesucher nicht erfolgt.<\/p>\n\n\n\n<p><strong>Rechtsgrundlage f\u00fcr die Verarbeitung personenbezogener Daten<\/strong><\/p>\n\n\n\n<p>Art. 6 Abs. 1 lit. f DSGVO (berechtigtes Interesse). Unser berechtigtes Interesse besteht darin, die Erreichung des nachfolgend geschilderten Zwecks zu gew\u00e4hrleisten.<\/p>\n\n\n\n<p><strong>Zweck der Datenverarbeitung<\/strong><\/p>\n\n\n\n<p>Die vor\u00fcbergehende (automatisierte) Speicherung der Daten ist f\u00fcr den Ablauf eines Websitebesuchs erforderlich, um eine Auslieferung der Website zu erm\u00f6glichen. Die Speicherung und Verarbeitung der personenbezogenen Daten erfolgt zudem zur Erhaltung der Kompatibilit\u00e4t unserer Internetseite f\u00fcr m\u00f6glichst alle Besucher und zur Missbrauchsbek\u00e4mpfung und St\u00f6rungsbeseitigung. Hierf\u00fcr ist es notwendig, die technischen Daten des abrufenden Rechners zu loggen, um so fr\u00fchestm\u00f6glich auf Darstellungsfehler, Angriffe auf unsere IT-Systeme und\/oder Fehler der Funktionalit\u00e4t unserer Internetseite reagieren zu k\u00f6nnen. Zudem dienen uns die Daten zur Optimierung der Website und zur generellen Sicherstellung der Sicherheit unserer informationstechnischen Systeme.<\/p>\n\n\n\n<p><strong>Dauer der Speicherung<\/strong><\/p>\n\n\n\n<p>Die L\u00f6schung der vorgenannten technischen Daten erfolgt, sobald sie nicht mehr ben\u00f6tigt werden, um die Kompatibilit\u00e4t der Internetseite f\u00fcr alle Besucher zu gew\u00e4hrleisten, sp\u00e4testens aber 3 Monate nach Abruf unserer Internetseite.<\/p>\n\n\n\n<p><strong>Widerspruchs- und L\u00f6schungsm\u00f6glichkeit<\/strong><\/p>\n\n\n\n<p>Sie k\u00f6nnen der Verarbeitung jederzeit gem. Art. 21 DSGVO widersprechen und eine L\u00f6schung von Daten gem. Art. 17 DSGVO verlangen. Welche Rechte Ihnen zustehen und wie Sie diese geltend machen, finden Sie im unteren Bereich dieser Datenschutzerkl\u00e4rung.<\/p>\n\n\n\n<p><strong>Erforderlichkeit der Angabe personenbezogener Daten<\/strong><\/p>\n\n\n\n<p>Die Nutzung des Login-Bereichs auf unserer Seite ist zur Nutzung des gesch\u00fctzen Bereiches vertraglich vorgeschrieben. Die Nutzung des durch den Login-Bereich gesch\u00fctzten Inhalts ist ohne die Eingabe der personenbezogenen Daten nicht m\u00f6glich. Sofern Sie unseren Login-Bereich nutzen m\u00f6chten, m\u00fcssen Sie die als Pflichtangaben gekennzeichneten Felder (Benutzername und Passwort) ausf\u00fcllen. Die Eingabe der Daten setzt das Bestehen eines Nutzerkontos voraus. Eine Anmeldung ist nicht m\u00f6glich, wenn die von Ihnen eingegebenen Daten falsch sind. Sofern die Daten von Ihnen falsch oder nicht eingegeben werden, kann der gesch\u00fctzte Bereich nicht genutzt werden. Der Rest der Seite ist jedoch weiterhin ohne Login nutzbar.<\/p>\n\n\n\n<h4 class=\"wp-block-heading\" id=\"5einbindungexternerwebservicesundverarbeitungvondatenauerhalbdereu\">Einbindung externer Webservices und Verarbeitung von Daten au\u00dferhalb der EU<\/h4>\n\n\n\n<p>Auf unserer Internetseite verwenden wir aktive Inhalte von externen Anbietern, sog. Webservices. Durch Aufruf unserer Internetseite erhalten diese externen Anbieter ggf. personenbezogene Informationen \u00fcber Ihren Besuch auf unserer Internetseite. Hierbei ist ggf. eine Verarbeitung von Daten au\u00dferhalb der EU m\u00f6glich. Sie k\u00f6nnen dies verhindern, indem Sie ein entsprechendes Browser-Plugin installieren oder das ausf\u00fchren von Scripten in Ihrem Browser deaktivieren. Hierdurch kann es zu Funktionseinschr\u00e4nkungen auf Internetseiten kommen, die Sie besuchen.<\/p>\n\n\n\n<h4 class=\"wp-block-heading\" id=\"7datensicherheitunddatenschutzkommunikationperemail\">Datensicherheit und Datenschutz, Kommunikation per E-Mail<\/h4>\n\n\n\n<p>Ihre personenbezogenen Daten werden durch technische und organisatorische Ma\u00dfnahmen so bei der Erhebung, Speicherung und Verarbeitung gesch\u00fctzt, dass sie f\u00fcr Dritte nicht zug\u00e4nglich sind. Bei einer unverschl\u00fcsselten Kommunikation per E-Mail kann die vollst\u00e4ndige Datensicherheit auf dem \u00dcbertragungsweg zu unseren IT-Systemen von uns nicht gew\u00e4hrleistet werden, sodass wir bei Informationen mit hohem Geheimhaltungsbed\u00fcrfnis eine verschl\u00fcsselte Kommunikation oder den Postweg empfehlen.<\/p>\n\n\n\n<h4 class=\"wp-block-heading\" id=\"8automatischeemailarchivierung\">Automatische E-Mail Archivierung<\/h4>\n\n\n\n<ul class=\"wp-block-list\">\n<li><strong>Umfang der Verarbeitung personenbezogener Daten<\/strong>Wir weisen Sie ausdr\u00fccklich darauf hin, dass unser Mailsystem \u00fcber ein automatisiertes Archivierungsverfahren verf\u00fcgt. Alle ein- und ausgehenden E-Mails werden hierdurch revisionssicher digital archiviert.<\/li>\n\n\n\n<li><strong>Rechtsgrundlage f\u00fcr die Verarbeitung personenbezogener Daten<\/strong>Art. 6 Abs. 1 lit. c DSGVO (rechtliche Verpflichtung). Die rechtliche Verpflichtung besteht in der Einhaltung steuerrechtlicher und handelsrechtlicher Vorgaben (z.B. \u00a7\u00a7 146, 147 AO, \u00a7\u00a7 238, 257 HGB).<\/li>\n\n\n\n<li><strong>Zweck der Datenverarbeitung<\/strong>Der Zweck der Archivierung besteht in der Einhaltung steuerrechtlicher (z.B. \u00a7\u00a7 146, 147 AO \u2013 Pflicht zur Aufbewahrung von E-Mails von steuerrechtlicher Relevanz) und handelsrechtlicher Vorgaben (z.B. \u00a7\u00a7 238, 257 HGB \u2013 Pflicht zur Archivierung von Gesch\u00e4ftskorrespondenz).<\/li>\n\n\n\n<li><strong>Dauer der Speicherung<\/strong>Die Speicherung unserer Mailkommunikation erfolgt bis zum Ablauf steuerrechtlicher und handelsrechtlicher Aufbewahrungspflichten. Die Aufbewahrungsdauer kann bis zu 10 Jahre betragen.<\/li>\n\n\n\n<li><strong>Widerspruchs- und L\u00f6schungsm\u00f6glichkeit<\/strong>Sie k\u00f6nnen der Verarbeitung jederzeit gem. Art. 21 DSGVO widersprechen und eine L\u00f6schung von Daten gem. Art. 17 DSGVO verlangen. Welche Rechte Ihnen zustehen und wie Sie diese geltend machen, finden Sie im unteren Bereich dieser Datenschutzerkl\u00e4rung.<\/li>\n\n\n\n<li><strong>Umgang mit Bewerbungsunterlagen<\/strong>Bei Fragen bez\u00fcglich unserem E-Mail-Archivierungssystem wenden Sie sich bitte an unseren Datenschutzbeauftragten. Zudem weisen wir darauf hin, dass wir ausschlie\u00dflich Bewerbungsunterlagen in PDF-Dateiform beachten. Gezippte Dateien (WinZip, WinRAR, 7Zip, etc.) werden von unseren Sicherheitssystemen ausgefiltert und nicht zugestellt. Bewerbungen im Word-Dateiformat und andere Dateiformate beachten wir nicht und l\u00f6schen sie ungelesen. Bitte beachten Sie, dass per E-Mail unverschl\u00fcsselt \u00fcbermittelte Bewerbungsunterlagen ggf. von Dritten ge\u00f6ffnet werden k\u00f6nnen, bevor sie in unseren IT-Systemen ankommen. Wir gehen davon aus, dass wir unverschl\u00fcsselte Bewerbungsmails ebenfalls unverschl\u00fcsselt beantworten d\u00fcrfen. Sollten Sie dies nicht w\u00fcnschen, so geben Sie uns bitte einen Hinweis in Ihrer Bewerbungsmail.<\/li>\n<\/ul>\n\n\n\n<h4 class=\"wp-block-heading\">Auskunftsanspruch und Berichtigungsw\u00fcnsche \u2013 L\u00f6schung &amp; Einschr\u00e4nkung von Daten &#8211; Widerruf von Einwilligungen \u2013 Widerspruchsrecht<\/h4>\n\n\n\n<p><strong>Auskunftsanspruch<\/strong><\/p>\n\n\n\n<p>Sie haben das Recht, eine Best\u00e4tigung dar\u00fcber zu verlangen, ob wir personenbezogene Daten von Ihnen verarbeiten. Sofern dies der Fall ist, haben Sie ein Recht auf Auskunft \u00fcber die in Art. 15 Abs. 1 DSGVO benannten Informationen, soweit nicht die Rechte und Freiheiten anderer Personen beeintr\u00e4chtigt werden (vgl. Art. 15 Abs. 4 DSGVO). Gerne stellen wir Ihnen auch eine Kopie der Daten zur Verf\u00fcgung.<\/p>\n\n\n\n<p><strong>Berichtigungsanspruch<\/strong><\/p>\n\n\n\n<p>Sie haben gem. Art. 16 DSGVO das Recht, bei uns ggf. falsch hinterlegte personenbezogene Daten (wie z.B. Adresse, Name, etc.) jederzeit korrigieren zu lassen. Auch k\u00f6nnen Sie jederzeit eine Vervollst\u00e4ndigung der bei uns gespeicherten Daten verlangen. Eine entsprechende Anpassung erfolgt unverz\u00fcglich.<\/p>\n\n\n\n<p><strong>Recht auf L\u00f6schung<\/strong><\/p>\n\n\n\n<p>Sie haben gem. Art. 17 Abs. Abs. 1 DSGVO das Recht darauf, dass wir die \u00fcber Sie erhobenen personenbezogenen Daten l\u00f6schen, wenn<\/p>\n\n\n\n<ul class=\"wp-block-list\">\n<li>die Daten entweder nicht mehr ben\u00f6tigt werden;<\/li>\n\n\n\n<li>aufgrund des Widerrufs Ihrer Einwilligung die Rechtsgrundlage der Verarbeitung ersatzlos entfallen ist;<\/li>\n\n\n\n<li>Sie Widerspruch gegen die Verarbeitung eingelegt haben und keine berechtigten Gr\u00fcnde f\u00fcr die Verarbeitung vorliegen;<\/li>\n\n\n\n<li>Ihre Daten unrechtm\u00e4\u00dfig verarbeitet werden;<\/li>\n\n\n\n<li>eine rechtliche Verpflichtung dies erfordert oder eine Erhebung gem. Art. 8 Abs. 1 DSGVO stattgefunden hat.<\/li>\n<\/ul>\n\n\n\n<p>Das Recht besteht gem. Art. 17 Abs. 3 DSGVO dann nicht, wenn<\/p>\n\n\n\n<ul class=\"wp-block-list\">\n<li>die Verarbeitung zur Aus\u00fcbung des Rechtes auf freie Meinungs\u00e4u\u00dferung und Information erforderlich ist;<\/li>\n\n\n\n<li>Ihre Daten auf Grundlage einer rechtlichen Verpflichtung erhoben worden sind;<\/li>\n\n\n\n<li>die Verarbeitung aus Gr\u00fcnden des \u00f6ffentlichen Interesses erforderlich ist;<\/li>\n\n\n\n<li>die Daten zur Geltendmachung, Aus\u00fcbung oder Verteidigung von Rechtsanspr\u00fcchen erforderlich sind.<\/li>\n<\/ul>\n\n\n\n<p><strong>Recht auf Einschr\u00e4nkung der Verarbeitung<\/strong><\/p>\n\n\n\n<p>Gem. Art. 18 Abs. 1 DSGVO haben Sie in einzelnen F\u00e4llen das Recht, die Einschr\u00e4nkung der Verarbeitung Ihrer personenbezogenen Daten zu verlangen.<\/p>\n\n\n\n<p>Dies ist dann der Fall, wenn<\/p>\n\n\n\n<ul class=\"wp-block-list\">\n<li>die Richtigkeit der personenbezogenen Daten von Ihnen bestritten wird;<\/li>\n\n\n\n<li>die Verarbeitung unrechtm\u00e4\u00dfig ist und Sie einer L\u00f6schung nicht zustimmen;<\/li>\n\n\n\n<li>die Daten nicht l\u00e4nger f\u00fcr den Verarbeitungszweck ben\u00f6tigt werden, aber die erhobenen Daten der Geltendmachung, Aus\u00fcbung oder Verteidigung von Rechtsanspr\u00fcchen dienen;<\/li>\n\n\n\n<li>ein Widerspruch gegen die Verarbeitung gem. Art. 21 Abs. 1 DSGVO eingelegt worden ist und noch unklar ist, welche Interessen \u00fcberwiegen.<\/li>\n<\/ul>\n\n\n\n<p><strong>Recht auf Widerruf<\/strong><\/p>\n\n\n\n<p>Sofern Sie uns eine ausdr\u00fcckliche Einwilligung in die Verarbeitung Ihrer personenbezogenen Daten erteilt haben (Art. 6 Abs. 1 lit. a DSGVO bzw. Art. 9 Abs. 2 lit a DSGVO) k\u00f6nnen Sie diese jederzeit widerrufen. Bitte beachten Sie, dass die Rechtm\u00e4\u00dfigkeit der aufgrund der Einwilligung bis zum Widerruf erfolgten Verarbeitung hierdurch nicht ber\u00fchrt wird.<\/p>\n\n\n\n<p><strong>Recht auf Widerspruch<\/strong><\/p>\n\n\n\n<p>Sie haben gem. Art. 21 DSGVO das Recht, jederzeit gegen die Verarbeitung Sie betreffender personenbezogener Daten, die aufgrund von Art. 6 Abs. 1 lit. f (im Rahmen eines berechtigten Interesses) erhoben worden sind, Widerspruch einzulegen. Das Recht steht Ihnen nur zu, wenn gegen die Speicherung und Verarbeitung besondere Umst\u00e4nde sprechen.<\/p>\n\n\n\n<p><strong>Wie nehme ich meine Rechte wahr?<\/strong><\/p>\n\n\n\n<p>Ihre Rechte k\u00f6nnen Sie jederzeit wahrnehmen, indem Sie sich an die unten stehenden Kontaktdaten wenden:<\/p>\n\n\n\n<blockquote class=\"wp-block-quote is-layout-flow wp-block-quote-is-layout-flow\">\n<p>Damenkomitee St. Josef<\/p>\n\n\n\n<p>z.Hd. Brigitte Mohn<\/p>\n\n\n\n<p>An St. Josef 8<\/p>\n\n\n\n<p>53225 Bonn<\/p>\n\n\n\n<p>Email:\u00a0<a>info@dk-st-josef.de<\/a><br>Tel.: +49 (0) 162\/2009 483<\/p>\n<\/blockquote>\n\n\n\n<h4 class=\"wp-block-heading\" id=\"10rechtaufdatenbertragbarkeit\">Recht auf Daten\u00fcbertragbarkeit<\/h4>\n\n\n\n<p>Sie haben gem. Art. 20 DSGVO einen Anspruch auf \u00dcbermittlung der Sie betreffenden personenbezogenen Daten. Die Daten werden von uns in einem strukturierten, g\u00e4ngigen und maschinenlesbaren Format zur Verf\u00fcgung gestellt. Die Daten k\u00f6nnen hierbei wahlweise an Sie selbst oder an einen von Ihnen benannten Verantwortlichen \u00fcbersendet werden.<\/p>\n\n\n\n<p>Wir stellen Ihnen auf Anfrage gem. Art. 20 Abs. 1 DSGVO folgende Daten bereit:<\/p>\n\n\n\n<ul class=\"wp-block-list\">\n<li>Daten, die aufgrund einer ausdr\u00fccklichen Einwilligung gem. Art. 6 Abs. 1 lit. a DSGVO oder Art. 9 Abs. 2 lit. a DSGVO erhoben wurden;<\/li>\n\n\n\n<li>Daten, die wir gem\u00e4\u00df gem. Art. 6 Abs. 1 lit. b DSGVO im Rahmen bestehender Vertr\u00e4ge von Ihnen erhalten haben;<\/li>\n\n\n\n<li>Daten, die im Rahmen eines automatisierten Verfahrens verarbeitet worden sind.<\/li>\n<\/ul>\n\n\n\n<p>Die \u00dcbertragung der personenbezogenen Daten direkt an einen von Ihnen gew\u00fcnschten Verantwortlichen werden wir vornehmen, soweit dies technisch machbar ist. Bitte beachten Sie, dass wir Daten, die in die Freiheiten und Rechte anderer Personen eingreifen gem. Art. 20 Abs. 4 DSGVO nicht \u00fcbertragen d\u00fcrfen.<\/p>\n\n\n\n<h4 class=\"wp-block-heading\" id=\"11beschwerderechtbeideraufsichtsbehrdegemart77abs1dsgvo\">Beschwerderecht bei der Aufsichtsbeh\u00f6rde gem. Art. 77 Abs. 1 DSGVO<\/h4>\n\n\n\n<p>Sofern Sie den Verdacht haben, dass auf unserer Seite Ihre Daten rechtswidrig verarbeitet werden, k\u00f6nnen Sie selbstverst\u00e4ndlich jederzeit eine gerichtliche Kl\u00e4rung der Problematik herbeif\u00fchren. Zudem steht Ihnen jede andere rechtliche M\u00f6glichkeit offen. Unabh\u00e4ngig davon steht Ihnen gem. Art. 77 Abs. 1 DSGVO die M\u00f6glichkeit zur Verf\u00fcgung, sich an eine Aufsichtsbeh\u00f6rde zu wenden. Das Beschwerderecht gem. Art. 77 DSGVO steht Ihnen in dem EU-Mitgliedstaat Ihres Aufenthaltsortes, Ihres Arbeitsplatzes und\/oder des Ortes des vermeintlichen Versto\u00dfes zu, d.h. Sie k\u00f6nnen die Aufsichtsbeh\u00f6rde, an die Sie sich wenden, aus den oben genannten Orten w\u00e4hlen. Die Aufsichtsbeh\u00f6rde, bei der die Beschwerde eingereicht wurde, unterrichtet Sie dann \u00fcber den Stand und die Ergebnisse Ihrer Eingabe, einschlie\u00dflich der M\u00f6glichkeit eines gerichtlichen Rechtsbehelfs gem. Art. 78 DSGVO.<\/p>\n\n\n\n<p>Erstellt durch:<br>\u00a9 IT-Recht-Kanzlei DURY \u2013&nbsp;<a href=\"http:\/\/www.dury.de\/\" target=\"_blank\" rel=\"noreferrer noopener\">www.dury.de<\/a><br>\u00a9 Website-Check GmbH \u2013&nbsp;<a href=\"http:\/\/www.website-check.de\/\" target=\"_blank\" rel=\"noreferrer noopener\">www.website-check.de<\/a><\/p>\n","protected":false},"excerpt":{"rendered":"<p>Website des Damenkomitees der kath. Frauengemeinschaft St. Josef, Beuel V.i.S.d.P: Brigitte Mohn, Pr\u00e4sidentin An St. Josef 8 53225 Bonn info@dk-st-josef.de Datenschutzerkl\u00e4rung Wir freuen uns \u00fcber &hellip; <\/p>\n","protected":false},"author":1,"featured_media":0,"parent":26,"menu_order":13,"comment_status":"closed","ping_status":"closed","template":"","meta":{"footnotes":""},"class_list":["post-140","page","type-page","status-publish","hentry","latest_post"],"_links":{"self":[{"href":"http:\/\/dk-st-josef.de\/index.php?rest_route=\/wp\/v2\/pages\/140","targetHints":{"allow":["GET"]}}],"collection":[{"href":"http:\/\/dk-st-josef.de\/index.php?rest_route=\/wp\/v2\/pages"}],"about":[{"href":"http:\/\/dk-st-josef.de\/index.php?rest_route=\/wp\/v2\/types\/page"}],"author":[{"embeddable":true,"href":"http:\/\/dk-st-josef.de\/index.php?rest_route=\/wp\/v2\/users\/1"}],"replies":[{"embeddable":true,"href":"http:\/\/dk-st-josef.de\/index.php?rest_route=%2Fwp%2Fv2%2Fcomments&post=140"}],"version-history":[{"count":13,"href":"http:\/\/dk-st-josef.de\/index.php?rest_route=\/wp\/v2\/pages\/140\/revisions"}],"predecessor-version":[{"id":1392,"href":"http:\/\/dk-st-josef.de\/index.php?rest_route=\/wp\/v2\/pages\/140\/revisions\/1392"}],"up":[{"embeddable":true,"href":"http:\/\/dk-st-josef.de\/index.php?rest_route=\/wp\/v2\/pages\/26"}],"wp:attachment":[{"href":"http:\/\/dk-st-josef.de\/index.php?rest_route=%2Fwp%2Fv2%2Fmedia&parent=140"}],"curies":[{"name":"wp","href":"https:\/\/api.w.org\/{rel}","templated":true}]}}